{"id":162,"date":"2018-04-08T18:36:21","date_gmt":"2018-04-08T16:36:21","guid":{"rendered":"http:\/\/bed-and-breakfast-freiberg.de\/?page_id=162"},"modified":"2022-06-15T11:47:16","modified_gmt":"2022-06-15T09:47:16","slug":"unser-garten","status":"publish","type":"page","link":"http:\/\/bed-and-breakfast-freiberg.de\/?page_id=162","title":{"rendered":"Unser Garten"},"content":{"rendered":"\t\t<div data-elementor-type=\"wp-post\" data-elementor-id=\"162\" class=\"elementor elementor-162\">\n\t\t\t\t\t\t<div class=\"elementor-inner\">\n\t\t\t\t<div class=\"elementor-section-wrap\">\n\t\t\t\t\t\t\t\t\t<section class=\"elementor-section elementor-top-section elementor-element elementor-element-e9d990f elementor-section-boxed elementor-section-height-default elementor-section-height-default\" data-id=\"e9d990f\" data-element_type=\"section\">\n\t\t\t\t\t\t<div class=\"elementor-container elementor-column-gap-default\">\n\t\t\t\t\t\t\t<div class=\"elementor-row\">\n\t\t\t\t\t<div class=\"elementor-column elementor-col-50 elementor-top-column elementor-element elementor-element-256c8e1\" data-id=\"256c8e1\" data-element_type=\"column\">\n\t\t\t<div class=\"elementor-column-wrap elementor-element-populated\">\n\t\t\t\t\t\t\t<div class=\"elementor-widget-wrap\">\n\t\t\t\t\t\t<div class=\"elementor-element elementor-element-bd84bbf elementor-widget elementor-widget-image\" data-id=\"bd84bbf\" data-element_type=\"widget\" data-widget_type=\"image.default\">\n\t\t\t\t<div class=\"elementor-widget-container\">\n\t\t\t\t\t\t\t\t<div class=\"elementor-image\">\n\t\t\t\t\t\t\t\t\t\t\t\t<img width=\"840\" height=\"840\" src=\"http:\/\/bed-and-breakfast-freiberg.de\/wp-content\/uploads\/2018\/04\/DSC_4365-1024x1024.jpg\" class=\"attachment-large size-large\" alt=\"\" loading=\"lazy\" srcset=\"http:\/\/bed-and-breakfast-freiberg.de\/wp-content\/uploads\/2018\/04\/DSC_4365-1024x1024.jpg 1024w, http:\/\/bed-and-breakfast-freiberg.de\/wp-content\/uploads\/2018\/04\/DSC_4365-150x150.jpg 150w, http:\/\/bed-and-breakfast-freiberg.de\/wp-content\/uploads\/2018\/04\/DSC_4365-300x300.jpg 300w, http:\/\/bed-and-breakfast-freiberg.de\/wp-content\/uploads\/2018\/04\/DSC_4365-768x768.jpg 768w, http:\/\/bed-and-breakfast-freiberg.de\/wp-content\/uploads\/2018\/04\/DSC_4365-100x100.jpg 100w, http:\/\/bed-and-breakfast-freiberg.de\/wp-content\/uploads\/2018\/04\/DSC_4365.jpg 1280w\" sizes=\"(max-width: 709px) 85vw, (max-width: 909px) 67vw, (max-width: 1362px) 62vw, 840px\" \/>\t\t\t\t\t\t\t\t\t\t\t\t\t\t<\/div>\n\t\t\t\t\t\t<\/div>\n\t\t\t\t<\/div>\n\t\t\t\t\t\t<\/div>\n\t\t\t\t\t<\/div>\n\t\t<\/div>\n\t\t\t\t<div class=\"elementor-column elementor-col-50 elementor-top-column elementor-element elementor-element-29f8e60\" data-id=\"29f8e60\" data-element_type=\"column\">\n\t\t\t<div class=\"elementor-column-wrap elementor-element-populated\">\n\t\t\t\t\t\t\t<div class=\"elementor-widget-wrap\">\n\t\t\t\t\t\t<div class=\"elementor-element elementor-element-69a4353 elementor-widget elementor-widget-image-carousel\" data-id=\"69a4353\" data-element_type=\"widget\" data-settings=\"{&quot;slides_to_show&quot;:&quot;1&quot;,&quot;navigation&quot;:&quot;none&quot;,&quot;autoplay_speed&quot;:3000,&quot;speed&quot;:1005,&quot;autoplay&quot;:&quot;yes&quot;,&quot;pause_on_hover&quot;:&quot;yes&quot;,&quot;pause_on_interaction&quot;:&quot;yes&quot;,&quot;infinite&quot;:&quot;yes&quot;,&quot;effect&quot;:&quot;slide&quot;}\" data-widget_type=\"image-carousel.default\">\n\t\t\t\t<div class=\"elementor-widget-container\">\n\t\t\t\t\t<div class=\"elementor-image-carousel-wrapper swiper-container\" dir=\"rtl\">\n\t\t\t<div class=\"elementor-image-carousel swiper-wrapper\">\n\t\t\t\t\t\t\t\t<div class=\"swiper-slide\"><figure class=\"swiper-slide-inner\"><img class=\"swiper-slide-image\" src=\"http:\/\/bed-and-breakfast-freiberg.de\/wp-content\/uploads\/2018\/04\/Iris-japonica-bl\u00fchend-1024x1024.jpg\" alt=\"Iris japonica bl\u00fchend\" \/><\/figure><\/div><div class=\"swiper-slide\"><figure class=\"swiper-slide-inner\"><img class=\"swiper-slide-image\" src=\"http:\/\/bed-and-breakfast-freiberg.de\/wp-content\/uploads\/2018\/04\/Garten-kleine-Terrasse-1024x1024.jpg\" alt=\"Garten - kleine Terrasse\" \/><\/figure><\/div><div class=\"swiper-slide\"><figure class=\"swiper-slide-inner\"><img class=\"swiper-slide-image\" src=\"http:\/\/bed-and-breakfast-freiberg.de\/wp-content\/uploads\/2018\/04\/Fischbecken-1024x1024.jpg\" alt=\"Fischbecken\" \/><\/figure><\/div><div class=\"swiper-slide\"><figure class=\"swiper-slide-inner\"><img class=\"swiper-slide-image\" src=\"http:\/\/bed-and-breakfast-freiberg.de\/wp-content\/uploads\/2018\/04\/DSC_7911-1024x1024.jpg\" alt=\"DSC_7911\" \/><\/figure><\/div><div class=\"swiper-slide\"><figure class=\"swiper-slide-inner\"><img class=\"swiper-slide-image\" src=\"http:\/\/bed-and-breakfast-freiberg.de\/wp-content\/uploads\/2018\/04\/DSC_7802-1024x1024.jpg\" alt=\"DSC_7802\" \/><\/figure><\/div><div class=\"swiper-slide\"><figure class=\"swiper-slide-inner\"><img class=\"swiper-slide-image\" src=\"http:\/\/bed-and-breakfast-freiberg.de\/wp-content\/uploads\/2018\/04\/DSC_5038-1024x1024.jpg\" alt=\"DSC_5038\" \/><\/figure><\/div><div class=\"swiper-slide\"><figure class=\"swiper-slide-inner\"><img class=\"swiper-slide-image\" src=\"http:\/\/bed-and-breakfast-freiberg.de\/wp-content\/uploads\/2018\/04\/DSC_5041-1024x1024.jpg\" alt=\"DSC_5041\" \/><\/figure><\/div><div class=\"swiper-slide\"><figure class=\"swiper-slide-inner\"><img class=\"swiper-slide-image\" src=\"http:\/\/bed-and-breakfast-freiberg.de\/wp-content\/uploads\/2018\/04\/DSC_4367-1024x1024.jpg\" alt=\"DSC_4367\" \/><\/figure><\/div><div class=\"swiper-slide\"><figure class=\"swiper-slide-inner\"><img class=\"swiper-slide-image\" src=\"http:\/\/bed-and-breakfast-freiberg.de\/wp-content\/uploads\/2018\/04\/DSC_4377-1024x1024.jpg\" alt=\"DSC_4377\" \/><\/figure><\/div><div class=\"swiper-slide\"><figure class=\"swiper-slide-inner\"><img class=\"swiper-slide-image\" src=\"http:\/\/bed-and-breakfast-freiberg.de\/wp-content\/uploads\/2018\/04\/Aussenschild-Sommer-Rose-bl\u00fchend-1024x1024.jpg\" alt=\"Aussenschild Sommer Rose bl\u00fchend\" \/><\/figure><\/div>\t\t\t<\/div>\n\t\t\t\t\t\t\t\t\t\t\t\t\t\t\t\t<\/div>\n\t\t\t\t<\/div>\n\t\t\t\t<\/div>\n\t\t\t\t\t\t<\/div>\n\t\t\t\t\t<\/div>\n\t\t<\/div>\n\t\t\t\t\t\t\t\t<\/div>\n\t\t\t\t\t<\/div>\n\t\t<\/section>\n\t\t\t\t<section class=\"elementor-section elementor-top-section elementor-element elementor-element-edfed61 elementor-section-boxed elementor-section-height-default elementor-section-height-default\" data-id=\"edfed61\" data-element_type=\"section\">\n\t\t\t\t\t\t<div class=\"elementor-container elementor-column-gap-default\">\n\t\t\t\t\t\t\t<div class=\"elementor-row\">\n\t\t\t\t\t<div class=\"elementor-column elementor-col-100 elementor-top-column elementor-element elementor-element-6234059\" data-id=\"6234059\" data-element_type=\"column\">\n\t\t\t<div class=\"elementor-column-wrap elementor-element-populated\">\n\t\t\t\t\t\t\t<div class=\"elementor-widget-wrap\">\n\t\t\t\t\t\t<div class=\"elementor-element elementor-element-7057470 elementor-widget elementor-widget-text-editor\" data-id=\"7057470\" data-element_type=\"widget\" data-widget_type=\"text-editor.default\">\n\t\t\t\t<div class=\"elementor-widget-container\">\n\t\t\t\t\t\t\t\t<div class=\"elementor-text-editor elementor-clearfix\">\n\t\t\t\t<p style=\"text-align: center;\"><strong>\u201cDer Garten ist der letzte Luxus unserer Tage, denn er fordert\u00a0 das, was in unserer Gesellschaft kostbar geworden ist : Zeit, Zuwendung und Raum\u201d<\/strong><\/p><p style=\"text-align: center;\">Dieter Kienast\u00a0\u00a0 (1945 &#8211; 1998)<br \/>Professor f\u00fcr Landschaftsarchitektur<\/p><p style=\"text-align: center;\">Unser privater Garten steht Ihnen im Sommer zu Ihrer Verf\u00fcgung: zum Besinnen, zum Genie\u00dfen, f\u00fcr ein gutes Buch, ein Glas Wein,\u00a0 ein k\u00fchles\u00a0 Getr\u00e4nk oder eine Kanne Tee &#8211; ganz wie Sie wollen.<\/p>\t\t\t\t\t<\/div>\n\t\t\t\t\t\t<\/div>\n\t\t\t\t<\/div>\n\t\t\t\t\t\t<\/div>\n\t\t\t\t\t<\/div>\n\t\t<\/div>\n\t\t\t\t\t\t\t\t<\/div>\n\t\t\t\t\t<\/div>\n\t\t<\/section>\n\t\t\t\t\t\t\t\t\t<\/div>\n\t\t\t<\/div>\n\t\t\t\t\t<\/div>\n\t\t","protected":false},"excerpt":{"rendered":"<p>\u201cDer Garten ist der letzte Luxus unserer Tage, denn er fordert\u00a0 das, was in unserer Gesellschaft kostbar geworden ist : Zeit, Zuwendung und Raum\u201d Dieter Kienast\u00a0\u00a0 (1945 &#8211; 1998)Professor f\u00fcr Landschaftsarchitektur Unser privater Garten steht Ihnen im Sommer zu Ihrer Verf\u00fcgung: zum Besinnen, zum Genie\u00dfen, f\u00fcr ein gutes Buch, ein Glas Wein,\u00a0 ein k\u00fchles\u00a0 Getr\u00e4nk &hellip; <a href=\"http:\/\/bed-and-breakfast-freiberg.de\/?page_id=162\" class=\"more-link\"><span class=\"screen-reader-text\">\u201eUnser Garten\u201c<\/span> weiterlesen<\/a><\/p>\n","protected":false},"author":1,"featured_media":0,"parent":0,"menu_order":0,"comment_status":"closed","ping_status":"closed","template":"","meta":[],"_links":{"self":[{"href":"http:\/\/bed-and-breakfast-freiberg.de\/index.php?rest_route=\/wp\/v2\/pages\/162"}],"collection":[{"href":"http:\/\/bed-and-breakfast-freiberg.de\/index.php?rest_route=\/wp\/v2\/pages"}],"about":[{"href":"http:\/\/bed-and-breakfast-freiberg.de\/index.php?rest_route=\/wp\/v2\/types\/page"}],"author":[{"embeddable":true,"href":"http:\/\/bed-and-breakfast-freiberg.de\/index.php?rest_route=\/wp\/v2\/users\/1"}],"replies":[{"embeddable":true,"href":"http:\/\/bed-and-breakfast-freiberg.de\/index.php?rest_route=%2Fwp%2Fv2%2Fcomments&post=162"}],"version-history":[{"count":15,"href":"http:\/\/bed-and-breakfast-freiberg.de\/index.php?rest_route=\/wp\/v2\/pages\/162\/revisions"}],"predecessor-version":[{"id":594,"href":"http:\/\/bed-and-breakfast-freiberg.de\/index.php?rest_route=\/wp\/v2\/pages\/162\/revisions\/594"}],"wp:attachment":[{"href":"http:\/\/bed-and-breakfast-freiberg.de\/index.php?rest_route=%2Fwp%2Fv2%2Fmedia&parent=162"}],"curies":[{"name":"wp","href":"https:\/\/api.w.org\/{rel}","templated":true}]}}